{"version":"1.0","provider_name":"M\u00f6bel von den Bielefelder Werkst\u00e4tten bei Maler Buban","provider_url":"https:\/\/malerbuban.de\/bielefelder-werkstaetten","author_name":"Anne + Hans","author_url":"https:\/\/malerbuban.de\/bielefelder-werkstaetten\/author\/mibomovi\/","title":"vigo ipdesign - M\u00f6bel von den Bielefelder Werkst\u00e4tten bei Maler Buban","type":"rich","width":600,"height":338,"html":"<blockquote class=\"wp-embedded-content\" data-secret=\"ewt6iKiik1\"><a href=\"https:\/\/malerbuban.de\/bielefelder-werkstaetten\/vigo\/\">vigo <em>ipdesign<\/em><\/a><\/blockquote><iframe sandbox=\"allow-scripts\" security=\"restricted\" src=\"https:\/\/malerbuban.de\/bielefelder-werkstaetten\/vigo\/embed\/#?secret=ewt6iKiik1\" width=\"600\" height=\"338\" title=\"&#8222;vigo &lt;em&gt;ipdesign&lt;\/em&gt;&#8220; &#8211; M\u00f6bel von den Bielefelder Werkst\u00e4tten bei Maler Buban\" data-secret=\"ewt6iKiik1\" frameborder=\"0\" marginwidth=\"0\" marginheight=\"0\" scrolling=\"no\" class=\"wp-embedded-content\"><\/iframe><script type=\"text\/javascript\">\n\/* <![CDATA[ *\/\n\/*! This file is auto-generated *\/\n!function(d,l){\"use strict\";l.querySelector&&d.addEventListener&&\"undefined\"!=typeof URL&&(d.wp=d.wp||{},d.wp.receiveEmbedMessage||(d.wp.receiveEmbedMessage=function(e){var t=e.data;if((t||t.secret||t.message||t.value)&&!\/[^a-zA-Z0-9]\/.test(t.secret)){for(var s,r,n,a=l.querySelectorAll('iframe[data-secret=\"'+t.secret+'\"]'),o=l.querySelectorAll('blockquote[data-secret=\"'+t.secret+'\"]'),c=new RegExp(\"^https?:$\",\"i\"),i=0;i<o.length;i++)o[i].style.display=\"none\";for(i=0;i<a.length;i++)s=a[i],e.source===s.contentWindow&&(s.removeAttribute(\"style\"),\"height\"===t.message?(1e3<(r=parseInt(t.value,10))?r=1e3:~~r<200&&(r=200),s.height=r):\"link\"===t.message&&(r=new URL(s.getAttribute(\"src\")),n=new URL(t.value),c.test(n.protocol))&&n.host===r.host&&l.activeElement===s&&(d.top.location.href=t.value))}},d.addEventListener(\"message\",d.wp.receiveEmbedMessage,!1),l.addEventListener(\"DOMContentLoaded\",function(){for(var e,t,s=l.querySelectorAll(\"iframe.wp-embedded-content\"),r=0;r<s.length;r++)(t=(e=s[r]).getAttribute(\"data-secret\"))||(t=Math.random().toString(36).substring(2,12),e.src+=\"#?secret=\"+t,e.setAttribute(\"data-secret\",t)),e.contentWindow.postMessage({message:\"ready\",secret:t},\"*\")},!1)))}(window,document);\n\/\/# sourceURL=https:\/\/malerbuban.de\/bielefelder-werkstaetten\/wp-includes\/js\/wp-embed.min.js\n\/* ]]> *\/\n<\/script>\n","thumbnail_url":"https:\/\/malerbuban.de\/bielefelder-werkstaetten\/wp-content\/uploads\/sites\/4\/2019\/03\/buban_vigo1.jpg","thumbnail_width":2000,"thumbnail_height":900,"description":"Anpassungsf\u00e4higer Solist &#8222;Als kompakter und vielseitig einsetzbarer Einzelsessel ist vigo die perfekte L\u00f6sung f\u00fcr Sitzkonzepte in Wohnbereich oder Hotellobby. Durch seine zur\u00fcckhaltende Eleganz l\u00e4sst er sich in unterschiedlichste Einrichtungsstile integrieren. Die ausgewogenen Proportionen und die sanfte Freischwinger-Funktion erm\u00f6glichen ein bequemes, entspanntes Sitzen.&#8220; (Zitat: ipdesign | Bielefelder Werkst\u00e4tten)"}